{"version":"1.0","provider_name":"link2fleet","provider_url":"https:\/\/www.link2fleet.com\/fr\/","author_name":"Nicolas Joann\u00e8s","author_url":"https:\/\/www.link2fleet.com\/fr\/author\/njoannes\/","title":"Fleet test Volkswagen ID.3: fin pr\u00eate ! - link2fleet","type":"rich","width":600,"height":338,"html":"<blockquote class=\"wp-embedded-content\" data-secret=\"XXoTu8DliE\"><a href=\"https:\/\/www.link2fleet.com\/fr\/fleet-test-volkswagen-id-3-fin-prete\/\">Fleet test Volkswagen ID.3: fin pr\u00eate !<\/a><\/blockquote><iframe sandbox=\"allow-scripts\" security=\"restricted\" src=\"https:\/\/www.link2fleet.com\/fr\/fleet-test-volkswagen-id-3-fin-prete\/embed\/#?secret=XXoTu8DliE\" width=\"600\" height=\"338\" title=\"\u00ab\u00a0Fleet test Volkswagen ID.3: fin pr\u00eate !\u00a0\u00bb &#8212; link2fleet\" data-secret=\"XXoTu8DliE\" frameborder=\"0\" marginwidth=\"0\" marginheight=\"0\" scrolling=\"no\" class=\"wp-embedded-content\"><\/iframe><script>\n\/*! This file is auto-generated *\/\n!function(d,l){\"use strict\";l.querySelector&&d.addEventListener&&\"undefined\"!=typeof URL&&(d.wp=d.wp||{},d.wp.receiveEmbedMessage||(d.wp.receiveEmbedMessage=function(e){var t=e.data;if((t||t.secret||t.message||t.value)&&!\/[^a-zA-Z0-9]\/.test(t.secret)){for(var s,r,n,a=l.querySelectorAll('iframe[data-secret=\"'+t.secret+'\"]'),o=l.querySelectorAll('blockquote[data-secret=\"'+t.secret+'\"]'),c=new RegExp(\"^https?:$\",\"i\"),i=0;i<o.length;i++)o[i].style.display=\"none\";for(i=0;i<a.length;i++)s=a[i],e.source===s.contentWindow&&(s.removeAttribute(\"style\"),\"height\"===t.message?(1e3<(r=parseInt(t.value,10))?r=1e3:~~r<200&&(r=200),s.height=r):\"link\"===t.message&&(r=new URL(s.getAttribute(\"src\")),n=new URL(t.value),c.test(n.protocol))&&n.host===r.host&&l.activeElement===s&&(d.top.location.href=t.value))}},d.addEventListener(\"message\",d.wp.receiveEmbedMessage,!1),l.addEventListener(\"DOMContentLoaded\",function(){for(var e,t,s=l.querySelectorAll(\"iframe.wp-embedded-content\"),r=0;r<s.length;r++)(t=(e=s[r]).getAttribute(\"data-secret\"))||(t=Math.random().toString(36).substring(2,12),e.src+=\"#?secret=\"+t,e.setAttribute(\"data-secret\",t)),e.contentWindow.postMessage({message:\"ready\",secret:t},\"*\")},!1)))}(window,document);\n\/\/# sourceURL=https:\/\/www.link2fleet.com\/wp-includes\/js\/wp-embed.min.js\n<\/script>\n","thumbnail_url":"https:\/\/static.link2fleet.com\/wp-content\/uploads\/2024\/03\/vw-id3-6.jpg","thumbnail_width":960,"thumbnail_height":721,"description":"L\u2019ID.3 rev\u00eat une importance capitale dans la r\u00e9cente histoire de Volkswagen. Quelques ann\u00e9es apr\u00e8s le scandale du Dieselgate, elle constitua la premi\u00e8re \u00e9tape du virage \u00e9lectrique de la marque allemande. Premier mod\u00e8le du groupe Volkswagen \u00e0 \u00e9trenner la plate-forme technique MEB en 2019, elle fut aussi le premier membre de la famille ID et a [&hellip;]"}