{"version":"1.0","provider_name":"link2fleet","provider_url":"https:\/\/www.link2fleet.com\/fr\/","author_name":"Damien Malvetti","author_url":"https:\/\/www.link2fleet.com\/fr\/author\/dmalvetti\/","title":"Joost Kaesemans quitte Febiac et renforce l'\u00e9quipe Touring - link2fleet","type":"rich","width":600,"height":338,"html":"<blockquote class=\"wp-embedded-content\" data-secret=\"RP08Pxsl67\"><a href=\"https:\/\/www.link2fleet.com\/fr\/joost-kaesemans-quitte-febiac-et-renforce-lequipe-touring\/\">Joost Kaesemans quitte Febiac et renforce l&rsquo;\u00e9quipe Touring<\/a><\/blockquote><iframe sandbox=\"allow-scripts\" security=\"restricted\" src=\"https:\/\/www.link2fleet.com\/fr\/joost-kaesemans-quitte-febiac-et-renforce-lequipe-touring\/embed\/#?secret=RP08Pxsl67\" width=\"600\" height=\"338\" title=\"\u00ab\u00a0Joost Kaesemans quitte Febiac et renforce l&rsquo;\u00e9quipe Touring\u00a0\u00bb &#8212; link2fleet\" data-secret=\"RP08Pxsl67\" frameborder=\"0\" marginwidth=\"0\" marginheight=\"0\" scrolling=\"no\" class=\"wp-embedded-content\"><\/iframe><script>\n\/*! This file is auto-generated *\/\n!function(d,l){\"use strict\";l.querySelector&&d.addEventListener&&\"undefined\"!=typeof URL&&(d.wp=d.wp||{},d.wp.receiveEmbedMessage||(d.wp.receiveEmbedMessage=function(e){var t=e.data;if((t||t.secret||t.message||t.value)&&!\/[^a-zA-Z0-9]\/.test(t.secret)){for(var s,r,n,a=l.querySelectorAll('iframe[data-secret=\"'+t.secret+'\"]'),o=l.querySelectorAll('blockquote[data-secret=\"'+t.secret+'\"]'),c=new RegExp(\"^https?:$\",\"i\"),i=0;i<o.length;i++)o[i].style.display=\"none\";for(i=0;i<a.length;i++)s=a[i],e.source===s.contentWindow&&(s.removeAttribute(\"style\"),\"height\"===t.message?(1e3<(r=parseInt(t.value,10))?r=1e3:~~r<200&&(r=200),s.height=r):\"link\"===t.message&&(r=new URL(s.getAttribute(\"src\")),n=new URL(t.value),c.test(n.protocol))&&n.host===r.host&&l.activeElement===s&&(d.top.location.href=t.value))}},d.addEventListener(\"message\",d.wp.receiveEmbedMessage,!1),l.addEventListener(\"DOMContentLoaded\",function(){for(var e,t,s=l.querySelectorAll(\"iframe.wp-embedded-content\"),r=0;r<s.length;r++)(t=(e=s[r]).getAttribute(\"data-secret\"))||(t=Math.random().toString(36).substring(2,12),e.src+=\"#?secret=\"+t,e.setAttribute(\"data-secret\",t)),e.contentWindow.postMessage({message:\"ready\",secret:t},\"*\")},!1)))}(window,document);\n\/\/# sourceURL=https:\/\/www.link2fleet.com\/wp-includes\/js\/wp-embed.min.js\n<\/script>\n","thumbnail_url":"https:\/\/static.link2fleet.com\/wp-content\/uploads\/2024\/03\/fotojoost-kleiner.jpg","thumbnail_width":2436,"thumbnail_height":2124,"description":"Touring souhaite coop\u00e9rer de mani\u00e8re constructive \u00e0 cette \u00e9volution et veiller \u00e0 ce que ses membres soient accompagn\u00e9s dans cette transition vers une autre mobilit\u00e9. Ainsi, ils seront nombreux \u00e0 \u00eatre confront\u00e9s \u00e0 l&rsquo;\u00e9lectrification du march\u00e9 des v\u00e9hicules. Le passage d&rsquo;un v\u00e9hicule \u00e0 moteur thermique classique vers un v\u00e9hicule \u00e9lectrique doit \u00eatre attractif pour le [&hellip;]"}